{"id":7284,"date":"2025-12-26T12:35:50","date_gmt":"2025-12-26T11:35:50","guid":{"rendered":"https:\/\/rentiago.com\/standorte\/"},"modified":"2025-12-26T13:36:18","modified_gmt":"2025-12-26T12:36:18","slug":"standorte","status":"publish","type":"page","link":"https:\/\/rentiago.com\/de\/standorte\/","title":{"rendered":"Standorte"},"content":{"rendered":"\t\t<div data-elementor-type=\"wp-page\" data-elementor-id=\"7284\" class=\"elementor elementor-7284 elementor-7266\" data-elementor-post-type=\"page\">\n\t\t\t\t<div class=\"elementor-element elementor-element-2aa0657 e-flex e-con-boxed e-con e-parent\" data-id=\"2aa0657\" data-element_type=\"container\" data-e-type=\"container\">\n\t\t\t\t\t<div class=\"e-con-inner\">\n\t\t\t\t<div class=\"elementor-element elementor-element-51f9c12 elementor-widget elementor-widget-heading\" data-id=\"51f9c12\" data-element_type=\"widget\" data-e-type=\"widget\" data-widget_type=\"heading.default\">\n\t\t\t\t\t<h1 class=\"elementor-heading-title elementor-size-default\">Rentiago Standorte<\/h1>\t\t\t\t<\/div>\n\t\t\t\t<div class=\"elementor-element elementor-element-8861ebf elementor-widget elementor-widget-text-editor\" data-id=\"8861ebf\" data-element_type=\"widget\" data-e-type=\"widget\" data-widget_type=\"text-editor.default\">\n\t\t\t\t\t\t\t\t\t<p>Ob in Stadtzentren, auf Campingpl\u00e4tzen, Bahnh\u00f6fen oder Flugh\u00e4fen \u2013 Rentiago betreibt zahlreiche Abhol- und R\u00fcckgabestellen in Spanien, Italien und Portugal. W\u00e4hlen Sie die gew\u00fcnschte Stadt aus, um unsere lokalen Abholstellen in Ihrer N\u00e4he anzeigen zu lassen.<\/p>\n\t\t\t\t\t\t\t\t<\/div>\n\t\t\t\t\t<\/div>\n\t\t\t\t<\/div>\n\t\t<div class=\"elementor-element elementor-element-f7d8128 e-flex e-con-boxed e-con e-parent\" data-id=\"f7d8128\" data-element_type=\"container\" data-e-type=\"container\">\n\t\t\t\t\t<div class=\"e-con-inner\">\n\t\t\t\t<div class=\"elementor-element elementor-element-d533db4 elementor-widget elementor-widget-heading\" data-id=\"d533db4\" data-element_type=\"widget\" data-e-type=\"widget\" data-widget_type=\"heading.default\">\n\t\t\t\t\t<h2 class=\"elementor-heading-title elementor-size-default\">Spanien<\/h2>\t\t\t\t<\/div>\n\t\t\t\t\t<\/div>\n\t\t\t\t<\/div>\n\t\t<div class=\"elementor-element elementor-element-3c49b69 e-flex e-con-boxed e-con e-parent\" data-id=\"3c49b69\" data-element_type=\"container\" data-e-type=\"container\">\n\t\t\t\t\t<div class=\"e-con-inner\">\n\t\t<div class=\"elementor-element elementor-element-979f3f7 e-con-full e-flex e-con e-child\" data-id=\"979f3f7\" data-element_type=\"container\" data-e-type=\"container\">\n\t\t\t\t<div class=\"elementor-element elementor-element-bfcce90 elementor-widget elementor-widget-image\" data-id=\"bfcce90\" data-element_type=\"widget\" data-e-type=\"widget\" data-widget_type=\"image.default\">\n\t\t\t\t\t\t\t\t\t\t\t\t<figure class=\"wp-caption\">\n\t\t\t\t\t\t\t\t\t\t\t<a href=\"https:\/\/rentiago.com\/de\/auto-mieten-in-alcoy\/\">\n\t\t\t\t\t\t\t<img fetchpriority=\"high\" decoding=\"async\" width=\"300\" height=\"200\" src=\"https:\/\/rentiago.com\/wp-content\/uploads\/2025\/05\/alcoy-300x200.webp\" class=\"attachment-medium size-medium wp-image-2297\" alt=\"Alcoy street\" srcset=\"https:\/\/rentiago.com\/wp-content\/uploads\/2025\/05\/alcoy-300x200.webp 300w, https:\/\/rentiago.com\/wp-content\/uploads\/2025\/05\/alcoy-768x512.webp 768w, https:\/\/rentiago.com\/wp-content\/uploads\/2025\/05\/alcoy-600x400.webp 600w, https:\/\/rentiago.com\/wp-content\/uploads\/2025\/05\/alcoy.webp 850w\" sizes=\"(max-width: 300px) 100vw, 300px\" \/>\t\t\t\t\t\t\t\t<\/a>\n\t\t\t\t\t\t\t\t\t\t\t<figcaption class=\"widget-image-caption wp-caption-text\">Alcoy<\/figcaption>\n\t\t\t\t\t\t\t\t\t\t<\/figure>\n\t\t\t\t\t\t\t\t\t<\/div>\n\t\t\t\t<\/div>\n\t\t<div class=\"elementor-element elementor-element-600b7d4 e-con-full e-flex e-con e-child\" data-id=\"600b7d4\" data-element_type=\"container\" data-e-type=\"container\">\n\t\t\t\t<div class=\"elementor-element elementor-element-d905864 elementor-widget elementor-widget-image\" data-id=\"d905864\" data-element_type=\"widget\" data-e-type=\"widget\" data-widget_type=\"image.default\">\n\t\t\t\t\t\t\t\t\t\t\t\t<figure class=\"wp-caption\">\n\t\t\t\t\t\t\t\t\t\t\t<a href=\"https:\/\/rentiago.com\/de\/mietwagen-in-alicante-mieten\/\">\n\t\t\t\t\t\t\t<img decoding=\"async\" width=\"300\" height=\"200\" src=\"https:\/\/rentiago.com\/wp-content\/uploads\/2025\/05\/alicante-300x200.webp\" class=\"attachment-medium size-medium wp-image-2301\" alt=\"Rent a car in Alicante\" srcset=\"https:\/\/rentiago.com\/wp-content\/uploads\/2025\/05\/alicante-300x200.webp 300w, https:\/\/rentiago.com\/wp-content\/uploads\/2025\/05\/alicante-768x512.webp 768w, https:\/\/rentiago.com\/wp-content\/uploads\/2025\/05\/alicante-600x400.webp 600w, https:\/\/rentiago.com\/wp-content\/uploads\/2025\/05\/alicante.webp 850w\" sizes=\"(max-width: 300px) 100vw, 300px\" \/>\t\t\t\t\t\t\t\t<\/a>\n\t\t\t\t\t\t\t\t\t\t\t<figcaption class=\"widget-image-caption wp-caption-text\">Alicante<\/figcaption>\n\t\t\t\t\t\t\t\t\t\t<\/figure>\n\t\t\t\t\t\t\t\t\t<\/div>\n\t\t\t\t<\/div>\n\t\t<div class=\"elementor-element elementor-element-4f9c774 e-con-full e-flex e-con e-child\" data-id=\"4f9c774\" data-element_type=\"container\" data-e-type=\"container\">\n\t\t\t\t<div class=\"elementor-element elementor-element-057078a elementor-widget elementor-widget-image\" data-id=\"057078a\" data-element_type=\"widget\" data-e-type=\"widget\" data-widget_type=\"image.default\">\n\t\t\t\t\t\t\t\t\t\t\t\t<figure class=\"wp-caption\">\n\t\t\t\t\t\t\t\t\t\t\t<a href=\"https:\/\/rentiago.com\/de\/mietwagen-in-altea-mieten\/\">\n\t\t\t\t\t\t\t<img decoding=\"async\" width=\"300\" height=\"200\" src=\"https:\/\/rentiago.com\/wp-content\/uploads\/2025\/05\/altea-300x200.webp\" class=\"attachment-medium size-medium wp-image-2305\" alt=\"Rent a car in Altea\" srcset=\"https:\/\/rentiago.com\/wp-content\/uploads\/2025\/05\/altea-300x200.webp 300w, https:\/\/rentiago.com\/wp-content\/uploads\/2025\/05\/altea-768x512.webp 768w, https:\/\/rentiago.com\/wp-content\/uploads\/2025\/05\/altea-600x400.webp 600w, https:\/\/rentiago.com\/wp-content\/uploads\/2025\/05\/altea.webp 850w\" sizes=\"(max-width: 300px) 100vw, 300px\" \/>\t\t\t\t\t\t\t\t<\/a>\n\t\t\t\t\t\t\t\t\t\t\t<figcaption class=\"widget-image-caption wp-caption-text\">Altea<\/figcaption>\n\t\t\t\t\t\t\t\t\t\t<\/figure>\n\t\t\t\t\t\t\t\t\t<\/div>\n\t\t\t\t<\/div>\n\t\t<div class=\"elementor-element elementor-element-3d5cf0b e-con-full e-flex e-con e-child\" data-id=\"3d5cf0b\" data-element_type=\"container\" data-e-type=\"container\">\n\t\t\t\t<div class=\"elementor-element elementor-element-45886e6 elementor-widget elementor-widget-image\" data-id=\"45886e6\" data-element_type=\"widget\" data-e-type=\"widget\" data-widget_type=\"image.default\">\n\t\t\t\t\t\t\t\t\t\t\t\t<figure class=\"wp-caption\">\n\t\t\t\t\t\t\t\t\t\t\t<a href=\"https:\/\/rentiago.com\/de\/mietwagen-in-benidorm-mieten\/\">\n\t\t\t\t\t\t\t<img loading=\"lazy\" decoding=\"async\" width=\"300\" height=\"200\" src=\"https:\/\/rentiago.com\/wp-content\/uploads\/2025\/05\/benidorm-300x200.webp\" class=\"attachment-medium size-medium wp-image-2491\" alt=\"Rent a Car in Benidorm\" srcset=\"https:\/\/rentiago.com\/wp-content\/uploads\/2025\/05\/benidorm-300x200.webp 300w, https:\/\/rentiago.com\/wp-content\/uploads\/2025\/05\/benidorm-768x512.webp 768w, https:\/\/rentiago.com\/wp-content\/uploads\/2025\/05\/benidorm-600x400.webp 600w, https:\/\/rentiago.com\/wp-content\/uploads\/2025\/05\/benidorm.webp 850w\" sizes=\"(max-width: 300px) 100vw, 300px\" \/>\t\t\t\t\t\t\t\t<\/a>\n\t\t\t\t\t\t\t\t\t\t\t<figcaption class=\"widget-image-caption wp-caption-text\">Benidorm<\/figcaption>\n\t\t\t\t\t\t\t\t\t\t<\/figure>\n\t\t\t\t\t\t\t\t\t<\/div>\n\t\t\t\t<\/div>\n\t\t<div class=\"elementor-element elementor-element-73d1fed e-con-full e-flex e-con e-child\" data-id=\"73d1fed\" data-element_type=\"container\" data-e-type=\"container\">\n\t\t\t\t<div class=\"elementor-element elementor-element-af1895c elementor-widget elementor-widget-image\" data-id=\"af1895c\" data-element_type=\"widget\" data-e-type=\"widget\" data-widget_type=\"image.default\">\n\t\t\t\t\t\t\t\t\t\t\t\t<figure class=\"wp-caption\">\n\t\t\t\t\t\t\t\t\t\t\t<a href=\"https:\/\/rentiago.com\/de\/mietwagen-in-benissa\/\">\n\t\t\t\t\t\t\t<img loading=\"lazy\" decoding=\"async\" width=\"300\" height=\"200\" src=\"https:\/\/rentiago.com\/wp-content\/uploads\/2025\/05\/benissa-300x200.webp\" class=\"attachment-medium size-medium wp-image-2309\" alt=\"Rent a Car in Benissa\" srcset=\"https:\/\/rentiago.com\/wp-content\/uploads\/2025\/05\/benissa-300x200.webp 300w, https:\/\/rentiago.com\/wp-content\/uploads\/2025\/05\/benissa-768x512.webp 768w, https:\/\/rentiago.com\/wp-content\/uploads\/2025\/05\/benissa-600x400.webp 600w, https:\/\/rentiago.com\/wp-content\/uploads\/2025\/05\/benissa.webp 850w\" sizes=\"(max-width: 300px) 100vw, 300px\" \/>\t\t\t\t\t\t\t\t<\/a>\n\t\t\t\t\t\t\t\t\t\t\t<figcaption class=\"widget-image-caption wp-caption-text\">Benissa<\/figcaption>\n\t\t\t\t\t\t\t\t\t\t<\/figure>\n\t\t\t\t\t\t\t\t\t<\/div>\n\t\t\t\t<\/div>\n\t\t<div class=\"elementor-element elementor-element-e1f529e e-con-full e-flex e-con e-child\" data-id=\"e1f529e\" data-element_type=\"container\" data-e-type=\"container\">\n\t\t\t\t<div class=\"elementor-element elementor-element-1ca22be elementor-widget elementor-widget-image\" data-id=\"1ca22be\" data-element_type=\"widget\" data-e-type=\"widget\" data-widget_type=\"image.default\">\n\t\t\t\t\t\t\t\t\t\t\t\t<figure class=\"wp-caption\">\n\t\t\t\t\t\t\t\t\t\t\t<a href=\"https:\/\/rentiago.com\/de\/mietwagen-in-calp\/\">\n\t\t\t\t\t\t\t<img loading=\"lazy\" decoding=\"async\" width=\"300\" height=\"182\" src=\"https:\/\/rentiago.com\/wp-content\/uploads\/2025\/05\/calp-300x182.webp\" class=\"attachment-medium size-medium wp-image-2313\" alt=\"Rent a Car in Calp\" srcset=\"https:\/\/rentiago.com\/wp-content\/uploads\/2025\/05\/calp-300x182.webp 300w, https:\/\/rentiago.com\/wp-content\/uploads\/2025\/05\/calp-768x465.webp 768w, https:\/\/rentiago.com\/wp-content\/uploads\/2025\/05\/calp-600x364.webp 600w, https:\/\/rentiago.com\/wp-content\/uploads\/2025\/05\/calp.webp 850w\" sizes=\"(max-width: 300px) 100vw, 300px\" \/>\t\t\t\t\t\t\t\t<\/a>\n\t\t\t\t\t\t\t\t\t\t\t<figcaption class=\"widget-image-caption wp-caption-text\">Calp \/ Calpe<\/figcaption>\n\t\t\t\t\t\t\t\t\t\t<\/figure>\n\t\t\t\t\t\t\t\t\t<\/div>\n\t\t\t\t<\/div>\n\t\t\t\t\t<\/div>\n\t\t\t\t<\/div>\n\t\t<div class=\"elementor-element elementor-element-81f28b8 e-flex e-con-boxed e-con e-parent\" data-id=\"81f28b8\" data-element_type=\"container\" data-e-type=\"container\">\n\t\t\t\t\t<div class=\"e-con-inner\">\n\t\t<div class=\"elementor-element elementor-element-cb727e8 e-con-full e-flex e-con e-child\" data-id=\"cb727e8\" data-element_type=\"container\" data-e-type=\"container\">\n\t\t\t\t<div class=\"elementor-element elementor-element-5a10377 elementor-widget elementor-widget-image\" data-id=\"5a10377\" data-element_type=\"widget\" data-e-type=\"widget\" data-widget_type=\"image.default\">\n\t\t\t\t\t\t\t\t\t\t\t\t<figure class=\"wp-caption\">\n\t\t\t\t\t\t\t\t\t\t\t<a href=\"#\">\n\t\t\t\t\t\t\t<img loading=\"lazy\" decoding=\"async\" width=\"300\" height=\"200\" src=\"https:\/\/rentiago.com\/wp-content\/uploads\/2025\/11\/Junges-Paar-Cabrio580-300x200.webp\" class=\"attachment-medium size-medium wp-image-6085\" alt=\"Young couple driving in a white convertible on a sunny countryside road, enjoying freedom and open-air travel.\" srcset=\"https:\/\/rentiago.com\/wp-content\/uploads\/2025\/11\/Junges-Paar-Cabrio580-300x200.webp 300w, https:\/\/rentiago.com\/wp-content\/uploads\/2025\/11\/Junges-Paar-Cabrio580.webp 580w\" sizes=\"(max-width: 300px) 100vw, 300px\" \/>\t\t\t\t\t\t\t\t<\/a>\n\t\t\t\t\t\t\t\t\t\t\t<figcaption class=\"widget-image-caption wp-caption-text\">Denia<\/figcaption>\n\t\t\t\t\t\t\t\t\t\t<\/figure>\n\t\t\t\t\t\t\t\t\t<\/div>\n\t\t\t\t<\/div>\n\t\t<div class=\"elementor-element elementor-element-067f4ff e-con-full e-flex e-con e-child\" data-id=\"067f4ff\" data-element_type=\"container\" data-e-type=\"container\">\n\t\t\t\t<div class=\"elementor-element elementor-element-cd891c3 elementor-widget elementor-widget-image\" data-id=\"cd891c3\" data-element_type=\"widget\" data-e-type=\"widget\" data-widget_type=\"image.default\">\n\t\t\t\t\t\t\t\t\t\t\t\t<figure class=\"wp-caption\">\n\t\t\t\t\t\t\t\t\t\t\t<a href=\"https:\/\/rentiago.com\/de\/mietwagen-in-el-campello\/\">\n\t\t\t\t\t\t\t<img loading=\"lazy\" decoding=\"async\" width=\"300\" height=\"200\" src=\"https:\/\/rentiago.com\/wp-content\/uploads\/2025\/11\/Junges-Paar-Cabrio580-300x200.webp\" class=\"attachment-medium size-medium wp-image-6085\" alt=\"Young couple driving in a white convertible on a sunny countryside road, enjoying freedom and open-air travel.\" srcset=\"https:\/\/rentiago.com\/wp-content\/uploads\/2025\/11\/Junges-Paar-Cabrio580-300x200.webp 300w, https:\/\/rentiago.com\/wp-content\/uploads\/2025\/11\/Junges-Paar-Cabrio580.webp 580w\" sizes=\"(max-width: 300px) 100vw, 300px\" \/>\t\t\t\t\t\t\t\t<\/a>\n\t\t\t\t\t\t\t\t\t\t\t<figcaption class=\"widget-image-caption wp-caption-text\">El Campello<\/figcaption>\n\t\t\t\t\t\t\t\t\t\t<\/figure>\n\t\t\t\t\t\t\t\t\t<\/div>\n\t\t\t\t<\/div>\n\t\t<div class=\"elementor-element elementor-element-a5ce1bc e-con-full e-flex e-con e-child\" data-id=\"a5ce1bc\" data-element_type=\"container\" data-e-type=\"container\">\n\t\t\t\t<div class=\"elementor-element elementor-element-bc14e10 elementor-widget elementor-widget-image\" data-id=\"bc14e10\" data-element_type=\"widget\" data-e-type=\"widget\" data-widget_type=\"image.default\">\n\t\t\t\t\t\t\t\t\t\t\t\t<figure class=\"wp-caption\">\n\t\t\t\t\t\t\t\t\t\t\t<a href=\"https:\/\/rentiago.com\/de\/miete-ein-auto-in-elche\/\">\n\t\t\t\t\t\t\t<img loading=\"lazy\" decoding=\"async\" width=\"300\" height=\"200\" src=\"https:\/\/rentiago.com\/wp-content\/uploads\/2025\/12\/Young-drivers-300x200.webp\" class=\"attachment-medium size-medium wp-image-6677\" alt=\"Group of happy young drivers inside a car, smiling while traveling in Spain, representing Rentiago\u2019s car hire options from 18 years old.\" srcset=\"https:\/\/rentiago.com\/wp-content\/uploads\/2025\/12\/Young-drivers-300x200.webp 300w, https:\/\/rentiago.com\/wp-content\/uploads\/2025\/12\/Young-drivers-1024x683.webp 1024w, https:\/\/rentiago.com\/wp-content\/uploads\/2025\/12\/Young-drivers-768x512.webp 768w, https:\/\/rentiago.com\/wp-content\/uploads\/2025\/12\/Young-drivers.webp 1536w\" sizes=\"(max-width: 300px) 100vw, 300px\" \/>\t\t\t\t\t\t\t\t<\/a>\n\t\t\t\t\t\t\t\t\t\t\t<figcaption class=\"widget-image-caption wp-caption-text\">Elche<\/figcaption>\n\t\t\t\t\t\t\t\t\t\t<\/figure>\n\t\t\t\t\t\t\t\t\t<\/div>\n\t\t\t\t<\/div>\n\t\t<div class=\"elementor-element elementor-element-16e6a20 e-con-full e-flex e-con e-child\" data-id=\"16e6a20\" data-element_type=\"container\" data-e-type=\"container\">\n\t\t\t\t<div class=\"elementor-element elementor-element-df2ea0c elementor-widget elementor-widget-image\" data-id=\"df2ea0c\" data-element_type=\"widget\" data-e-type=\"widget\" data-widget_type=\"image.default\">\n\t\t\t\t\t\t\t\t\t\t\t\t<figure class=\"wp-caption\">\n\t\t\t\t\t\t\t\t\t\t\t<a href=\"https:\/\/rentiago.com\/de\/miete-ein-auto-in-finestrat\/\">\n\t\t\t\t\t\t\t<img loading=\"lazy\" decoding=\"async\" width=\"300\" height=\"200\" src=\"https:\/\/rentiago.com\/wp-content\/uploads\/2025\/12\/car-hire-for-seniors-300x200.webp\" class=\"attachment-medium size-medium wp-image-6739\" alt=\"Happy senior man driving a rental car in Spain with sunglasses\" srcset=\"https:\/\/rentiago.com\/wp-content\/uploads\/2025\/12\/car-hire-for-seniors-300x200.webp 300w, https:\/\/rentiago.com\/wp-content\/uploads\/2025\/12\/car-hire-for-seniors-1024x683.webp 1024w, https:\/\/rentiago.com\/wp-content\/uploads\/2025\/12\/car-hire-for-seniors-768x512.webp 768w, https:\/\/rentiago.com\/wp-content\/uploads\/2025\/12\/car-hire-for-seniors.webp 1536w\" sizes=\"(max-width: 300px) 100vw, 300px\" \/>\t\t\t\t\t\t\t\t<\/a>\n\t\t\t\t\t\t\t\t\t\t\t<figcaption class=\"widget-image-caption wp-caption-text\">Finestrat<\/figcaption>\n\t\t\t\t\t\t\t\t\t\t<\/figure>\n\t\t\t\t\t\t\t\t\t<\/div>\n\t\t\t\t<\/div>\n\t\t<div class=\"elementor-element elementor-element-c6173d7 e-con-full e-flex e-con e-child\" data-id=\"c6173d7\" data-element_type=\"container\" data-e-type=\"container\">\n\t\t\t\t<div class=\"elementor-element elementor-element-6090152 elementor-widget elementor-widget-image\" data-id=\"6090152\" data-element_type=\"widget\" data-e-type=\"widget\" data-widget_type=\"image.default\">\n\t\t\t\t\t\t\t\t\t\t\t\t<figure class=\"wp-caption\">\n\t\t\t\t\t\t\t\t\t\t\t<a href=\"#\">\n\t\t\t\t\t\t\t<img loading=\"lazy\" decoding=\"async\" width=\"300\" height=\"200\" src=\"https:\/\/rentiago.com\/wp-content\/uploads\/2025\/11\/Junges-Paar-Cabrio580-300x200.webp\" class=\"attachment-medium size-medium wp-image-6085\" alt=\"Young couple driving in a white convertible on a sunny countryside road, enjoying freedom and open-air travel.\" srcset=\"https:\/\/rentiago.com\/wp-content\/uploads\/2025\/11\/Junges-Paar-Cabrio580-300x200.webp 300w, https:\/\/rentiago.com\/wp-content\/uploads\/2025\/11\/Junges-Paar-Cabrio580.webp 580w\" sizes=\"(max-width: 300px) 100vw, 300px\" \/>\t\t\t\t\t\t\t\t<\/a>\n\t\t\t\t\t\t\t\t\t\t\t<figcaption class=\"widget-image-caption wp-caption-text\">Gandia<\/figcaption>\n\t\t\t\t\t\t\t\t\t\t<\/figure>\n\t\t\t\t\t\t\t\t\t<\/div>\n\t\t\t\t<\/div>\n\t\t<div class=\"elementor-element elementor-element-d2f03d8 e-con-full e-flex e-con e-child\" data-id=\"d2f03d8\" data-element_type=\"container\" data-e-type=\"container\">\n\t\t\t\t<div class=\"elementor-element elementor-element-7cfebe9 elementor-widget elementor-widget-image\" data-id=\"7cfebe9\" data-element_type=\"widget\" data-e-type=\"widget\" data-widget_type=\"image.default\">\n\t\t\t\t\t\t\t\t\t\t\t\t<figure class=\"wp-caption\">\n\t\t\t\t\t\t\t\t\t\t\t<a href=\"https:\/\/rentiago.com\/de\/miete-ein-auto-in-lalfas-del-pi\/\">\n\t\t\t\t\t\t\t<img loading=\"lazy\" decoding=\"async\" width=\"300\" height=\"200\" src=\"https:\/\/rentiago.com\/wp-content\/uploads\/2025\/11\/Junges-Paar-Cabrio580-300x200.webp\" class=\"attachment-medium size-medium wp-image-6085\" alt=\"Young couple driving in a white convertible on a sunny countryside road, enjoying freedom and open-air travel.\" srcset=\"https:\/\/rentiago.com\/wp-content\/uploads\/2025\/11\/Junges-Paar-Cabrio580-300x200.webp 300w, https:\/\/rentiago.com\/wp-content\/uploads\/2025\/11\/Junges-Paar-Cabrio580.webp 580w\" sizes=\"(max-width: 300px) 100vw, 300px\" \/>\t\t\t\t\t\t\t\t<\/a>\n\t\t\t\t\t\t\t\t\t\t\t<figcaption class=\"widget-image-caption wp-caption-text\">L\u2019Alf\u00e0s del Pi<\/figcaption>\n\t\t\t\t\t\t\t\t\t\t<\/figure>\n\t\t\t\t\t\t\t\t\t<\/div>\n\t\t\t\t<\/div>\n\t\t\t\t\t<\/div>\n\t\t\t\t<\/div>\n\t\t<div class=\"elementor-element elementor-element-b07bf64 e-flex e-con-boxed e-con e-parent\" data-id=\"b07bf64\" data-element_type=\"container\" data-e-type=\"container\">\n\t\t\t\t\t<div class=\"e-con-inner\">\n\t\t<div class=\"elementor-element elementor-element-6c3d2b4 e-con-full e-flex e-con e-child\" data-id=\"6c3d2b4\" data-element_type=\"container\" data-e-type=\"container\">\n\t\t\t\t<div class=\"elementor-element elementor-element-b2e7ce3 elementor-widget elementor-widget-image\" data-id=\"b2e7ce3\" data-element_type=\"widget\" data-e-type=\"widget\" data-widget_type=\"image.default\">\n\t\t\t\t\t\t\t\t\t\t\t\t<figure class=\"wp-caption\">\n\t\t\t\t\t\t\t\t\t\t\t<a href=\"https:\/\/rentiago.com\/de\/mietwagen-in-la-nucia\/\">\n\t\t\t\t\t\t\t<img loading=\"lazy\" decoding=\"async\" width=\"300\" height=\"200\" src=\"https:\/\/rentiago.com\/wp-content\/uploads\/2025\/11\/Junges-Paar-Cabrio580-300x200.webp\" class=\"attachment-medium size-medium wp-image-6085\" alt=\"Young couple driving in a white convertible on a sunny countryside road, enjoying freedom and open-air travel.\" srcset=\"https:\/\/rentiago.com\/wp-content\/uploads\/2025\/11\/Junges-Paar-Cabrio580-300x200.webp 300w, https:\/\/rentiago.com\/wp-content\/uploads\/2025\/11\/Junges-Paar-Cabrio580.webp 580w\" sizes=\"(max-width: 300px) 100vw, 300px\" \/>\t\t\t\t\t\t\t\t<\/a>\n\t\t\t\t\t\t\t\t\t\t\t<figcaption class=\"widget-image-caption wp-caption-text\">La Nucia<\/figcaption>\n\t\t\t\t\t\t\t\t\t\t<\/figure>\n\t\t\t\t\t\t\t\t\t<\/div>\n\t\t\t\t<\/div>\n\t\t<div class=\"elementor-element elementor-element-b958ffb e-con-full e-flex e-con e-child\" data-id=\"b958ffb\" data-element_type=\"container\" data-e-type=\"container\">\n\t\t\t\t<div class=\"elementor-element elementor-element-a9c0054 elementor-widget elementor-widget-image\" data-id=\"a9c0054\" data-element_type=\"widget\" data-e-type=\"widget\" data-widget_type=\"image.default\">\n\t\t\t\t\t\t\t\t\t\t\t\t<figure class=\"wp-caption\">\n\t\t\t\t\t\t\t\t\t\t\t<a href=\"https:\/\/rentiago.com\/de\/miete-ein-auto-in-murcia\/\">\n\t\t\t\t\t\t\t<img loading=\"lazy\" decoding=\"async\" width=\"300\" height=\"200\" src=\"https:\/\/rentiago.com\/wp-content\/uploads\/2025\/11\/Junges-Paar-Cabrio580-300x200.webp\" class=\"attachment-medium size-medium wp-image-6085\" alt=\"Young couple driving in a white convertible on a sunny countryside road, enjoying freedom and open-air travel.\" srcset=\"https:\/\/rentiago.com\/wp-content\/uploads\/2025\/11\/Junges-Paar-Cabrio580-300x200.webp 300w, https:\/\/rentiago.com\/wp-content\/uploads\/2025\/11\/Junges-Paar-Cabrio580.webp 580w\" sizes=\"(max-width: 300px) 100vw, 300px\" \/>\t\t\t\t\t\t\t\t<\/a>\n\t\t\t\t\t\t\t\t\t\t\t<figcaption class=\"widget-image-caption wp-caption-text\">Murcia<\/figcaption>\n\t\t\t\t\t\t\t\t\t\t<\/figure>\n\t\t\t\t\t\t\t\t\t<\/div>\n\t\t\t\t<\/div>\n\t\t<div class=\"elementor-element elementor-element-16fe67f e-con-full e-flex e-con e-child\" data-id=\"16fe67f\" data-element_type=\"container\" data-e-type=\"container\">\n\t\t\t\t<div class=\"elementor-element elementor-element-6347605 elementor-widget elementor-widget-image\" data-id=\"6347605\" data-element_type=\"widget\" data-e-type=\"widget\" data-widget_type=\"image.default\">\n\t\t\t\t\t\t\t\t\t\t\t\t<figure class=\"wp-caption\">\n\t\t\t\t\t\t\t\t\t\t\t<a href=\"#\">\n\t\t\t\t\t\t\t<img loading=\"lazy\" decoding=\"async\" width=\"300\" height=\"200\" src=\"https:\/\/rentiago.com\/wp-content\/uploads\/2025\/12\/Young-drivers-300x200.webp\" class=\"attachment-medium size-medium wp-image-6677\" alt=\"Group of happy young drivers inside a car, smiling while traveling in Spain, representing Rentiago\u2019s car hire options from 18 years old.\" srcset=\"https:\/\/rentiago.com\/wp-content\/uploads\/2025\/12\/Young-drivers-300x200.webp 300w, https:\/\/rentiago.com\/wp-content\/uploads\/2025\/12\/Young-drivers-1024x683.webp 1024w, https:\/\/rentiago.com\/wp-content\/uploads\/2025\/12\/Young-drivers-768x512.webp 768w, https:\/\/rentiago.com\/wp-content\/uploads\/2025\/12\/Young-drivers.webp 1536w\" sizes=\"(max-width: 300px) 100vw, 300px\" \/>\t\t\t\t\t\t\t\t<\/a>\n\t\t\t\t\t\t\t\t\t\t\t<figcaption class=\"widget-image-caption wp-caption-text\">Oliva<\/figcaption>\n\t\t\t\t\t\t\t\t\t\t<\/figure>\n\t\t\t\t\t\t\t\t\t<\/div>\n\t\t\t\t<\/div>\n\t\t<div class=\"elementor-element elementor-element-ec5653d e-con-full e-flex e-con e-child\" data-id=\"ec5653d\" data-element_type=\"container\" data-e-type=\"container\">\n\t\t\t\t<div class=\"elementor-element elementor-element-d6f8c21 elementor-widget elementor-widget-image\" data-id=\"d6f8c21\" data-element_type=\"widget\" data-e-type=\"widget\" data-widget_type=\"image.default\">\n\t\t\t\t\t\t\t\t\t\t\t\t<figure class=\"wp-caption\">\n\t\t\t\t\t\t\t\t\t\t\t<a href=\"https:\/\/rentiago.com\/de\/miete-ein-auto-in-torrevieja\/\">\n\t\t\t\t\t\t\t<img loading=\"lazy\" decoding=\"async\" width=\"300\" height=\"200\" src=\"https:\/\/rentiago.com\/wp-content\/uploads\/2025\/05\/torrevieja-300x200.webp\" class=\"attachment-medium size-medium wp-image-3581\" alt=\"Rent a Car in Torrevieja\" srcset=\"https:\/\/rentiago.com\/wp-content\/uploads\/2025\/05\/torrevieja-300x200.webp 300w, https:\/\/rentiago.com\/wp-content\/uploads\/2025\/05\/torrevieja-768x511.webp 768w, https:\/\/rentiago.com\/wp-content\/uploads\/2025\/05\/torrevieja.webp 850w\" sizes=\"(max-width: 300px) 100vw, 300px\" \/>\t\t\t\t\t\t\t\t<\/a>\n\t\t\t\t\t\t\t\t\t\t\t<figcaption class=\"widget-image-caption wp-caption-text\">Torrevieja<\/figcaption>\n\t\t\t\t\t\t\t\t\t\t<\/figure>\n\t\t\t\t\t\t\t\t\t<\/div>\n\t\t\t\t<\/div>\n\t\t<div class=\"elementor-element elementor-element-d614e26 e-con-full e-flex e-con e-child\" data-id=\"d614e26\" data-element_type=\"container\" data-e-type=\"container\">\n\t\t\t\t<div class=\"elementor-element elementor-element-b86009c elementor-widget elementor-widget-image\" data-id=\"b86009c\" data-element_type=\"widget\" data-e-type=\"widget\" data-widget_type=\"image.default\">\n\t\t\t\t\t\t\t\t\t\t\t\t<figure class=\"wp-caption\">\n\t\t\t\t\t\t\t\t\t\t\t<a href=\"https:\/\/rentiago.com\/de\/mietwagen-in-valencia-mieten\/\">\n\t\t\t\t\t\t\t<img loading=\"lazy\" decoding=\"async\" width=\"300\" height=\"200\" src=\"https:\/\/rentiago.com\/wp-content\/uploads\/2025\/05\/valencia-300x200.webp\" class=\"attachment-medium size-medium wp-image-2321\" alt=\"Rent a Car in Valencia\" srcset=\"https:\/\/rentiago.com\/wp-content\/uploads\/2025\/05\/valencia-300x200.webp 300w, https:\/\/rentiago.com\/wp-content\/uploads\/2025\/05\/valencia-768x512.webp 768w, https:\/\/rentiago.com\/wp-content\/uploads\/2025\/05\/valencia-600x400.webp 600w, https:\/\/rentiago.com\/wp-content\/uploads\/2025\/05\/valencia.webp 850w\" sizes=\"(max-width: 300px) 100vw, 300px\" \/>\t\t\t\t\t\t\t\t<\/a>\n\t\t\t\t\t\t\t\t\t\t\t<figcaption class=\"widget-image-caption wp-caption-text\">Valencia<\/figcaption>\n\t\t\t\t\t\t\t\t\t\t<\/figure>\n\t\t\t\t\t\t\t\t\t<\/div>\n\t\t\t\t<\/div>\n\t\t<div class=\"elementor-element elementor-element-1c0c013 e-con-full e-flex e-con e-child\" data-id=\"1c0c013\" data-element_type=\"container\" data-e-type=\"container\">\n\t\t\t\t<div class=\"elementor-element elementor-element-22ed87e elementor-widget elementor-widget-image\" data-id=\"22ed87e\" data-element_type=\"widget\" data-e-type=\"widget\" data-widget_type=\"image.default\">\n\t\t\t\t\t\t\t\t\t\t\t\t<figure class=\"wp-caption\">\n\t\t\t\t\t\t\t\t\t\t\t<a href=\"https:\/\/rentiago.com\/de\/mietwagen-in-villajoyosa-mieten\/\">\n\t\t\t\t\t\t\t<img loading=\"lazy\" decoding=\"async\" width=\"300\" height=\"200\" src=\"https:\/\/rentiago.com\/wp-content\/uploads\/2025\/05\/villajoyosa-300x200.webp\" class=\"attachment-medium size-medium wp-image-2325\" alt=\"Rent a car in Villajoyosa\" srcset=\"https:\/\/rentiago.com\/wp-content\/uploads\/2025\/05\/villajoyosa-300x200.webp 300w, https:\/\/rentiago.com\/wp-content\/uploads\/2025\/05\/villajoyosa-768x512.webp 768w, https:\/\/rentiago.com\/wp-content\/uploads\/2025\/05\/villajoyosa-600x400.webp 600w, https:\/\/rentiago.com\/wp-content\/uploads\/2025\/05\/villajoyosa.webp 850w\" sizes=\"(max-width: 300px) 100vw, 300px\" \/>\t\t\t\t\t\t\t\t<\/a>\n\t\t\t\t\t\t\t\t\t\t\t<figcaption class=\"widget-image-caption wp-caption-text\">Villajoyosa<\/figcaption>\n\t\t\t\t\t\t\t\t\t\t<\/figure>\n\t\t\t\t\t\t\t\t\t<\/div>\n\t\t\t\t<\/div>\n\t\t\t\t\t<\/div>\n\t\t\t\t<\/div>\n\t\t<div class=\"elementor-element elementor-element-a6c3efc e-flex e-con-boxed e-con e-parent\" data-id=\"a6c3efc\" data-element_type=\"container\" data-e-type=\"container\">\n\t\t\t\t\t<div class=\"e-con-inner\">\n\t\t\t\t<div class=\"elementor-element elementor-element-35b6938 elementor-widget elementor-widget-heading\" data-id=\"35b6938\" data-element_type=\"widget\" data-e-type=\"widget\" data-widget_type=\"heading.default\">\n\t\t\t\t\t<h2 class=\"elementor-heading-title elementor-size-default\">Italien<\/h2>\t\t\t\t<\/div>\n\t\t\t\t\t<\/div>\n\t\t\t\t<\/div>\n\t\t<div class=\"elementor-element elementor-element-0d4624f e-flex e-con-boxed e-con e-parent\" data-id=\"0d4624f\" data-element_type=\"container\" data-e-type=\"container\">\n\t\t\t\t\t<div class=\"e-con-inner\">\n\t\t<div class=\"elementor-element elementor-element-2ec1038 e-con-full e-flex e-con e-child\" data-id=\"2ec1038\" data-element_type=\"container\" data-e-type=\"container\">\n\t\t\t\t<div class=\"elementor-element elementor-element-9c33629 elementor-widget elementor-widget-image\" data-id=\"9c33629\" data-element_type=\"widget\" data-e-type=\"widget\" data-widget_type=\"image.default\">\n\t\t\t\t\t\t\t\t\t\t\t\t<figure class=\"wp-caption\">\n\t\t\t\t\t\t\t\t\t\t\t<a href=\"#\">\n\t\t\t\t\t\t\t<img loading=\"lazy\" decoding=\"async\" width=\"300\" height=\"200\" src=\"https:\/\/rentiago.com\/wp-content\/uploads\/2025\/11\/Junges-Paar-Cabrio580-300x200.webp\" class=\"attachment-medium size-medium wp-image-6085\" alt=\"Young couple driving in a white convertible on a sunny countryside road, enjoying freedom and open-air travel.\" srcset=\"https:\/\/rentiago.com\/wp-content\/uploads\/2025\/11\/Junges-Paar-Cabrio580-300x200.webp 300w, https:\/\/rentiago.com\/wp-content\/uploads\/2025\/11\/Junges-Paar-Cabrio580.webp 580w\" sizes=\"(max-width: 300px) 100vw, 300px\" \/>\t\t\t\t\t\t\t\t<\/a>\n\t\t\t\t\t\t\t\t\t\t\t<figcaption class=\"widget-image-caption wp-caption-text\">Bari \u2013 in K\u00fcrze verf\u00fcgbar<\/figcaption>\n\t\t\t\t\t\t\t\t\t\t<\/figure>\n\t\t\t\t\t\t\t\t\t<\/div>\n\t\t\t\t<\/div>\n\t\t<div class=\"elementor-element elementor-element-3708a65 e-con-full e-flex e-con e-child\" data-id=\"3708a65\" data-element_type=\"container\" data-e-type=\"container\">\n\t\t\t\t<div class=\"elementor-element elementor-element-2c5d59a elementor-widget elementor-widget-image\" data-id=\"2c5d59a\" data-element_type=\"widget\" data-e-type=\"widget\" data-widget_type=\"image.default\">\n\t\t\t\t\t\t\t\t\t\t\t\t<figure class=\"wp-caption\">\n\t\t\t\t\t\t\t\t\t\t\t<a href=\"#\">\n\t\t\t\t\t\t\t<img loading=\"lazy\" decoding=\"async\" width=\"300\" height=\"200\" src=\"https:\/\/rentiago.com\/wp-content\/uploads\/2025\/11\/Junges-Paar-Cabrio580-300x200.webp\" class=\"attachment-medium size-medium wp-image-6085\" alt=\"Young couple driving in a white convertible on a sunny countryside road, enjoying freedom and open-air travel.\" srcset=\"https:\/\/rentiago.com\/wp-content\/uploads\/2025\/11\/Junges-Paar-Cabrio580-300x200.webp 300w, https:\/\/rentiago.com\/wp-content\/uploads\/2025\/11\/Junges-Paar-Cabrio580.webp 580w\" sizes=\"(max-width: 300px) 100vw, 300px\" \/>\t\t\t\t\t\t\t\t<\/a>\n\t\t\t\t\t\t\t\t\t\t\t<figcaption class=\"widget-image-caption wp-caption-text\">Brindisi \u2013 in K\u00fcrze verf\u00fcgbar<\/figcaption>\n\t\t\t\t\t\t\t\t\t\t<\/figure>\n\t\t\t\t\t\t\t\t\t<\/div>\n\t\t\t\t<\/div>\n\t\t\t\t\t<\/div>\n\t\t\t\t<\/div>\n\t\t<div class=\"elementor-element elementor-element-eb4c18c e-flex e-con-boxed e-con e-parent\" data-id=\"eb4c18c\" data-element_type=\"container\" data-e-type=\"container\">\n\t\t\t\t\t<div class=\"e-con-inner\">\n\t\t\t\t<div class=\"elementor-element elementor-element-c7b27b3 elementor-widget elementor-widget-heading\" data-id=\"c7b27b3\" data-element_type=\"widget\" data-e-type=\"widget\" data-widget_type=\"heading.default\">\n\t\t\t\t\t<h2 class=\"elementor-heading-title elementor-size-default\">Portugal<\/h2>\t\t\t\t<\/div>\n\t\t\t\t\t<\/div>\n\t\t\t\t<\/div>\n\t\t<div class=\"elementor-element elementor-element-790d13e e-flex e-con-boxed e-con e-parent\" data-id=\"790d13e\" data-element_type=\"container\" data-e-type=\"container\">\n\t\t\t\t\t<div class=\"e-con-inner\">\n\t\t<div class=\"elementor-element elementor-element-120507a e-con-full e-flex e-con e-child\" data-id=\"120507a\" data-element_type=\"container\" data-e-type=\"container\">\n\t\t\t\t<div class=\"elementor-element elementor-element-8897561 elementor-widget elementor-widget-image\" data-id=\"8897561\" data-element_type=\"widget\" data-e-type=\"widget\" data-widget_type=\"image.default\">\n\t\t\t\t\t\t\t\t\t\t\t\t<figure class=\"wp-caption\">\n\t\t\t\t\t\t\t\t\t\t\t<a href=\"#\">\n\t\t\t\t\t\t\t<img loading=\"lazy\" decoding=\"async\" width=\"300\" height=\"200\" src=\"https:\/\/rentiago.com\/wp-content\/uploads\/2025\/11\/Junges-Paar-Cabrio580-300x200.webp\" class=\"attachment-medium size-medium wp-image-6085\" alt=\"Young couple driving in a white convertible on a sunny countryside road, enjoying freedom and open-air travel.\" srcset=\"https:\/\/rentiago.com\/wp-content\/uploads\/2025\/11\/Junges-Paar-Cabrio580-300x200.webp 300w, https:\/\/rentiago.com\/wp-content\/uploads\/2025\/11\/Junges-Paar-Cabrio580.webp 580w\" sizes=\"(max-width: 300px) 100vw, 300px\" \/>\t\t\t\t\t\t\t\t<\/a>\n\t\t\t\t\t\t\t\t\t\t\t<figcaption class=\"widget-image-caption wp-caption-text\">Lissabon \u2013 in K\u00fcrze verf\u00fcgbar<\/figcaption>\n\t\t\t\t\t\t\t\t\t\t<\/figure>\n\t\t\t\t\t\t\t\t\t<\/div>\n\t\t\t\t<\/div>\n\t\t<div class=\"elementor-element elementor-element-a3e09de e-con-full e-flex e-con e-child\" data-id=\"a3e09de\" data-element_type=\"container\" data-e-type=\"container\">\n\t\t\t\t<div class=\"elementor-element elementor-element-27d0dd3 elementor-widget elementor-widget-image\" data-id=\"27d0dd3\" data-element_type=\"widget\" data-e-type=\"widget\" data-widget_type=\"image.default\">\n\t\t\t\t\t\t\t\t\t\t\t\t<figure class=\"wp-caption\">\n\t\t\t\t\t\t\t\t\t\t\t<a href=\"#\">\n\t\t\t\t\t\t\t<img loading=\"lazy\" decoding=\"async\" width=\"300\" height=\"200\" src=\"https:\/\/rentiago.com\/wp-content\/uploads\/2025\/11\/Junges-Paar-Cabrio580-300x200.webp\" class=\"attachment-medium size-medium wp-image-6085\" alt=\"Young couple driving in a white convertible on a sunny countryside road, enjoying freedom and open-air travel.\" srcset=\"https:\/\/rentiago.com\/wp-content\/uploads\/2025\/11\/Junges-Paar-Cabrio580-300x200.webp 300w, https:\/\/rentiago.com\/wp-content\/uploads\/2025\/11\/Junges-Paar-Cabrio580.webp 580w\" sizes=\"(max-width: 300px) 100vw, 300px\" \/>\t\t\t\t\t\t\t\t<\/a>\n\t\t\t\t\t\t\t\t\t\t\t<figcaption class=\"widget-image-caption wp-caption-text\">Porto \u2013 in K\u00fcrze verf\u00fcgbar<\/figcaption>\n\t\t\t\t\t\t\t\t\t\t<\/figure>\n\t\t\t\t\t\t\t\t\t<\/div>\n\t\t\t\t<\/div>\n\t\t\t\t\t<\/div>\n\t\t\t\t<\/div>\n\t\t<div class=\"elementor-element elementor-element-6bef20f e-flex e-con-boxed e-con e-parent\" data-id=\"6bef20f\" data-element_type=\"container\" data-e-type=\"container\">\n\t\t\t\t\t<div class=\"e-con-inner\">\n\t\t\t\t<div class=\"elementor-element elementor-element-cf9b699 elementor-widget elementor-widget-spacer\" data-id=\"cf9b699\" data-element_type=\"widget\" data-e-type=\"widget\" data-widget_type=\"spacer.default\">\n\t\t\t\t\t\t\t<div class=\"elementor-spacer\">\n\t\t\t<div class=\"elementor-spacer-inner\"><\/div>\n\t\t<\/div>\n\t\t\t\t\t\t<\/div>\n\t\t\t\t\t<\/div>\n\t\t\t\t<\/div>\n\t\t\t\t<\/div>\n\t\t","protected":false},"excerpt":{"rendered":"<p>Rentiago Standorte Ob in Stadtzentren, auf Campingpl\u00e4tzen, Bahnh\u00f6fen oder Flugh\u00e4fen \u2013 Rentiago betreibt zahlreiche Abhol- und R\u00fcckgabestellen in Spanien, Italien und Portugal. W\u00e4hlen Sie die gew\u00fcnschte Stadt aus, um unsere lokalen Abholstellen in Ihrer N\u00e4he anzeigen zu lassen. Spanien Alcoy Alicante Altea Benidorm Benissa Calp \/ Calpe Denia El Campello Elche Finestrat Gandia L\u2019Alf\u00e0s del [&hellip;]<\/p>\n","protected":false},"author":1,"featured_media":4903,"parent":0,"menu_order":0,"comment_status":"closed","ping_status":"closed","template":"elementor_header_footer","meta":{"footnotes":""},"class_list":["post-7284","page","type-page","status-publish","has-post-thumbnail","hentry"],"_links":{"self":[{"href":"https:\/\/rentiago.com\/de\/wp-json\/wp\/v2\/pages\/7284","targetHints":{"allow":["GET"]}}],"collection":[{"href":"https:\/\/rentiago.com\/de\/wp-json\/wp\/v2\/pages"}],"about":[{"href":"https:\/\/rentiago.com\/de\/wp-json\/wp\/v2\/types\/page"}],"author":[{"embeddable":true,"href":"https:\/\/rentiago.com\/de\/wp-json\/wp\/v2\/users\/1"}],"replies":[{"embeddable":true,"href":"https:\/\/rentiago.com\/de\/wp-json\/wp\/v2\/comments?post=7284"}],"version-history":[{"count":0,"href":"https:\/\/rentiago.com\/de\/wp-json\/wp\/v2\/pages\/7284\/revisions"}],"wp:featuredmedia":[{"embeddable":true,"href":"https:\/\/rentiago.com\/de\/wp-json\/wp\/v2\/media\/4903"}],"wp:attachment":[{"href":"https:\/\/rentiago.com\/de\/wp-json\/wp\/v2\/media?parent=7284"}],"curies":[{"name":"wp","href":"https:\/\/api.w.org\/{rel}","templated":true}]}}